{"id":7403,"date":"2022-06-08T16:04:34","date_gmt":"2022-06-08T14:04:34","guid":{"rendered":"https:\/\/billerbeck.shop\/blog\/?page_id=7403"},"modified":"2024-09-18T10:48:04","modified_gmt":"2024-09-18T08:48:04","slug":"homepage","status":"publish","type":"page","link":"https:\/\/billerbeck.shop\/blog\/fr\/","title":{"rendered":""},"content":{"rendered":"\n<h1 id=\"billerbeck-blog\" class=\"wp-block-heading has-text-align-center\"><strong>billerbeck BLOG<\/strong><\/h1>\n\n\n\n<p class=\"has-text-align-center\">Erhalten Sie von Ihrem Schlafexperten die besten Tipps und umfangreiche Informationen zum Thema Schlaf, Tr\u00e4ume, Gesundheit und Bettwaren.<\/p>\n\n\n\n<div class=\"wp-block-query is-layout-flow wp-block-query-is-layout-flow\"><ul class=\"columns-3 wp-block-post-template is-layout-grid wp-container-core-post-template-is-layout-2fc57c17 wp-block-post-template-is-layout-grid\"><li class=\"wp-block-post post-3715 post type-post status-publish format-standard has-post-thumbnail category-sante tag-billerbeck-sante tag-billerbeck-sommeil tag-conseils cs-entry cs-video-wrap\">\n\n<div class=\"wp-block-group\" style=\"padding-top:30px;padding-right:30px;padding-bottom:30px;padding-left:30px\"><div class=\"wp-block-group__inner-container is-layout-flow wp-block-group-is-layout-flow\"><figure class=\"wp-block-post-featured-image\"><a href=\"https:\/\/billerbeck.shop\/blog\/fr\/decalage-horaire-les-meilleurs-conseils-contre-la-fatigue-du-voyageur\/\" target=\"_self\"  ><img loading=\"lazy\" decoding=\"async\" width=\"1280\" height=\"853\" src=\"https:\/\/billerbeck.shop\/blog\/wp-content\/uploads\/2022\/08\/billerbeck-Blog_Schlaf_Jetlag_08-2022.jpg\" class=\"attachment-post-thumbnail size-post-thumbnail wp-post-image\" alt=\"D\u00e9calage horaire : les meilleurs conseils contre la fatigue du voyageur\" style=\"object-fit:cover;\" srcset=\"https:\/\/billerbeck.shop\/blog\/wp-content\/uploads\/2022\/08\/billerbeck-Blog_Schlaf_Jetlag_08-2022.jpg 1280w, https:\/\/billerbeck.shop\/blog\/wp-content\/uploads\/2022\/08\/billerbeck-Blog_Schlaf_Jetlag_08-2022-300x200.jpg 300w, https:\/\/billerbeck.shop\/blog\/wp-content\/uploads\/2022\/08\/billerbeck-Blog_Schlaf_Jetlag_08-2022-1024x682.jpg 1024w, https:\/\/billerbeck.shop\/blog\/wp-content\/uploads\/2022\/08\/billerbeck-Blog_Schlaf_Jetlag_08-2022-768x512.jpg 768w, https:\/\/billerbeck.shop\/blog\/wp-content\/uploads\/2022\/08\/billerbeck-Blog_Schlaf_Jetlag_08-2022-380x253.jpg 380w, https:\/\/billerbeck.shop\/blog\/wp-content\/uploads\/2022\/08\/billerbeck-Blog_Schlaf_Jetlag_08-2022-800x533.jpg 800w, https:\/\/billerbeck.shop\/blog\/wp-content\/uploads\/2022\/08\/billerbeck-Blog_Schlaf_Jetlag_08-2022-1160x773.jpg 1160w\" sizes=\"auto, (max-width: 1280px) 100vw, 1280px\" \/><\/a><\/figure>\n\n<h2 id=\"decalage-horaire-les-meilleurs-conseils-contre-la-fatigue-du-voyageur\" class=\"wp-block-post-title\"><a href=\"https:\/\/billerbeck.shop\/blog\/fr\/decalage-horaire-les-meilleurs-conseils-contre-la-fatigue-du-voyageur\/\" target=\"_self\" >D\u00e9calage horaire : les meilleurs conseils contre la fatigue du voyageur<\/a><\/h2>\n\n<div class=\"wp-block-post-excerpt\"><p class=\"wp-block-post-excerpt__excerpt\">Lors de longs voyages en avion, le d\u00e9calage horaire est in\u00e9vitable. Avec les 4 meilleurs conseils contre le d\u00e9calage horaire, nous vous montrons ce que vous pouvez faire de mieux pour le combattre.<\/p><p class=\"wp-block-post-excerpt__more-text\"><a class=\"wp-block-post-excerpt__more-link\" href=\"https:\/\/billerbeck.shop\/blog\/fr\/decalage-horaire-les-meilleurs-conseils-contre-la-fatigue-du-voyageur\/\">Weiterlesen<\/a><\/p><\/div><\/div><\/div>\n\n<\/li><li class=\"wp-block-post post-3703 post type-post status-publish format-standard has-post-thumbnail category-reve-sommeil cs-entry cs-video-wrap\">\n\n<div class=\"wp-block-group\" style=\"padding-top:30px;padding-right:30px;padding-bottom:30px;padding-left:30px\"><div class=\"wp-block-group__inner-container is-layout-flow wp-block-group-is-layout-flow\"><figure class=\"wp-block-post-featured-image\"><a href=\"https:\/\/billerbeck.shop\/blog\/fr\/rire-en-dormant-a-quel-point-les-reves-peuvent-ils-etre-droles\/\" target=\"_self\"  ><img loading=\"lazy\" decoding=\"async\" width=\"600\" height=\"400\" src=\"https:\/\/billerbeck.shop\/blog\/wp-content\/uploads\/2022\/07\/billerbeck-Blog_Schlaf_Lachen-im-Schlaf.webp\" class=\"attachment-post-thumbnail size-post-thumbnail wp-post-image\" alt=\"Rire en dormant &#8211; \u00e0 quel point les r\u00eaves peuvent-ils \u00eatre dr\u00f4les ?\" style=\"object-fit:cover;\" srcset=\"https:\/\/billerbeck.shop\/blog\/wp-content\/uploads\/2022\/07\/billerbeck-Blog_Schlaf_Lachen-im-Schlaf.webp 600w, https:\/\/billerbeck.shop\/blog\/wp-content\/uploads\/2022\/07\/billerbeck-Blog_Schlaf_Lachen-im-Schlaf-300x200.webp 300w, https:\/\/billerbeck.shop\/blog\/wp-content\/uploads\/2022\/07\/billerbeck-Blog_Schlaf_Lachen-im-Schlaf-380x253.webp 380w\" sizes=\"auto, (max-width: 600px) 100vw, 600px\" \/><\/a><\/figure>\n\n<h2 id=\"rire-en-dormant-a-quel-point-les-reves-peuvent-ils-etre-droles\" class=\"wp-block-post-title\"><a href=\"https:\/\/billerbeck.shop\/blog\/fr\/rire-en-dormant-a-quel-point-les-reves-peuvent-ils-etre-droles\/\" target=\"_self\" >Rire en dormant &#8211; \u00e0 quel point les r\u00eaves peuvent-ils \u00eatre dr\u00f4les ?<\/a><\/h2>\n\n<div class=\"wp-block-post-excerpt\"><p class=\"wp-block-post-excerpt__excerpt\">Le rire est bon pour la sant\u00e9. Mais saviez-vous que de nombreuses personnes rient \u00e9galement en dormant ? D&rsquo;o\u00f9 vient ce ph\u00e9nom\u00e8ne et quand se produit-il ? Nous vous \u00e9clairons.<\/p><p class=\"wp-block-post-excerpt__more-text\"><a class=\"wp-block-post-excerpt__more-link\" href=\"https:\/\/billerbeck.shop\/blog\/fr\/rire-en-dormant-a-quel-point-les-reves-peuvent-ils-etre-droles\/\">Weiterlesen<\/a><\/p><\/div><\/div><\/div>\n\n<\/li><\/ul><\/div>\n\n\n\n<div class=\"wp-block-columns is-layout-flex wp-container-core-columns-is-layout-9d6595d7 wp-block-columns-is-layout-flex\">\n<div class=\"wp-block-column is-layout-flow wp-block-column-is-layout-flow\"><\/div>\n\n\n\n<div class=\"wp-block-column is-layout-flow wp-block-column-is-layout-flow\"><\/div>\n\n\n\n<div class=\"wp-block-column is-layout-flow wp-block-column-is-layout-flow\"><\/div>\n<\/div>\n","protected":false},"excerpt":{"rendered":"billerbeck BLOG Erhalten Sie von Ihrem Schlafexperten die besten Tipps und umfangreiche Informationen zum Thema Schlaf, Tr\u00e4ume, Gesundheit&hellip;\n","protected":false},"author":1,"featured_media":0,"parent":0,"menu_order":0,"comment_status":"closed","ping_status":"closed","template":"","meta":{"footnotes":""},"class_list":{"0":"post-7403","1":"page","2":"type-page","3":"status-publish","5":"cs-entry","6":"cs-video-wrap"},"_links":{"self":[{"href":"https:\/\/billerbeck.shop\/blog\/fr\/wp-json\/wp\/v2\/pages\/7403","targetHints":{"allow":["GET"]}}],"collection":[{"href":"https:\/\/billerbeck.shop\/blog\/fr\/wp-json\/wp\/v2\/pages"}],"about":[{"href":"https:\/\/billerbeck.shop\/blog\/fr\/wp-json\/wp\/v2\/types\/page"}],"author":[{"embeddable":true,"href":"https:\/\/billerbeck.shop\/blog\/fr\/wp-json\/wp\/v2\/users\/1"}],"replies":[{"embeddable":true,"href":"https:\/\/billerbeck.shop\/blog\/fr\/wp-json\/wp\/v2\/comments?post=7403"}],"version-history":[{"count":2,"href":"https:\/\/billerbeck.shop\/blog\/fr\/wp-json\/wp\/v2\/pages\/7403\/revisions"}],"predecessor-version":[{"id":7409,"href":"https:\/\/billerbeck.shop\/blog\/fr\/wp-json\/wp\/v2\/pages\/7403\/revisions\/7409"}],"wp:attachment":[{"href":"https:\/\/billerbeck.shop\/blog\/fr\/wp-json\/wp\/v2\/media?parent=7403"}],"curies":[{"name":"wp","href":"https:\/\/api.w.org\/{rel}","templated":true}]}}